{"id":1734,"date":"2021-04-22T17:07:25","date_gmt":"2021-04-22T14:07:25","guid":{"rendered":"http:\/\/tanerambalaj.com\/?page_id=1734"},"modified":"2021-04-27T15:44:44","modified_gmt":"2021-04-27T12:44:44","slug":"karton-kutu","status":"publish","type":"page","link":"https:\/\/tanerambalaj.com\/index.php\/karton-kutu\/","title":{"rendered":"Karton Kutu"},"content":{"rendered":"<p>[vc_row][vc_column][vc_custom_heading text=&#8221;Karton Kutu&#8221; font_container=&#8221;tag:h1|font_size:25px|text_align:left|color:%23000000&#8243; google_fonts=&#8221;font_family:Montserrat%3Aregular%2C700|font_style:400%20regular%3A400%3Anormal&#8221;][vc_separator color=&#8221;orange&#8221; align=&#8221;align_left&#8221; el_width=&#8221;80&#8243;][vc_row_inner][vc_column_inner width=&#8221;1\/4&#8243;]\n\t\t\t<div class=\"promo-banner text-left vertical-alignment-top banner- hover- color-scheme-light \"  >\n\n\t\t\t\t<div class=\"main-wrapp-img\">\n\t\t\t\t\t<div class=\"banner-image\">\n\t\t\t\t\t\t\t\t\t\t\t\t\t\t\t\t\t\t\t\t\t<img loading=\"lazy\" decoding=\"async\" class=\"promo-banner-image image-1 \" src=\"https:\/\/tanerambalaj.com\/wp-content\/uploads\/2021\/04\/kartonkutu1.jpg\" width=\"620\" height=\"500\" alt=\"kartonkutu1\" title=\"kartonkutu1\" \/>\t\t\t\t\t\t\t\t\t\t\t\t\t\t\t\t\t\t<\/div>\n\t\t\t\t<\/div>\n\n\t\t\t\t<div class=\"wrapper-content-baner\">\n\t\t\t\t\t<div class=\"banner-inner\">\n\t\t\t\t\t\t\t\t\t\t\t<\/div>\n\t\t\t\t<\/div>\n\n\t\t\t<\/div>\n\n\n\t\t[\/vc_column_inner][vc_column_inner width=&#8221;1\/4&#8243;]\n\t\t\t<div class=\"promo-banner text-left vertical-alignment-top banner- hover- color-scheme-light \"  >\n\n\t\t\t\t<div class=\"main-wrapp-img\">\n\t\t\t\t\t<div class=\"banner-image\">\n\t\t\t\t\t\t\t\t\t\t\t\t\t\t\t\t\t\t\t\t\t<img loading=\"lazy\" decoding=\"async\" class=\"promo-banner-image image-1 \" src=\"https:\/\/tanerambalaj.com\/wp-content\/uploads\/2021\/04\/kartonkutu3.jpg\" width=\"620\" height=\"500\" alt=\"kartonkutu3\" title=\"kartonkutu3\" \/>\t\t\t\t\t\t\t\t\t\t\t\t\t\t\t\t\t\t<\/div>\n\t\t\t\t<\/div>\n\n\t\t\t\t<div class=\"wrapper-content-baner\">\n\t\t\t\t\t<div class=\"banner-inner\">\n\t\t\t\t\t\t\t\t\t\t\t<\/div>\n\t\t\t\t<\/div>\n\n\t\t\t<\/div>\n\n\n\t\t[\/vc_column_inner][vc_column_inner width=&#8221;1\/4&#8243;][\/vc_column_inner][vc_column_inner width=&#8221;1\/4&#8243;][\/vc_column_inner][\/vc_row_inner][vc_column_text]Mukavva levha \u00e7e\u015fitlerinden \u00fcretilen flekso ya da ofset bask\u0131 tekni\u011fi kullan\u0131larak \u00fczerine logo ve marka bas\u0131m\u0131 yap\u0131lan, \u00fcretim sonras\u0131 \u00fcr\u00fcnlerinizi kapal\u0131 ve g\u00fcvenli bir \u015fekilde istedi\u011finiz merkeze sa\u011fl\u0131kl\u0131 bir \u015fekilde sevk edilmesini sa\u011flayan ambalaj \u00e7e\u015fididir. M\u00fc\u015fterilerimizin \u00f6zel istekleri do\u011frultusunda \u00fcretilebilen kutular\u0131m\u0131z\u0131n \u00e7e\u015fitlili\u011fi, \u00fcr\u00fcnlerin grup ve \u00f6zelliklerine g\u00f6re ayarlanabilmektedir.<\/p>\n<p>Kli\u015fe, oluklu mukavva ve bask\u0131 alternatiflerimiz, \u00fcr\u00fcn\u00fcn\u00fcz\u00fcn sat\u0131\u015fa d\u00f6n\u00fc\u015fmesindeki ilk basamakta, yani ambalajlama k\u0131sm\u0131ndaki ihtiya\u00e7lar\u0131n\u0131za g\u00f6re d\u00fczenlenebilir. \u00dcr\u00fcn\u00fcn ambalajlama k\u0131sm\u0131nda do\u011fru sunum \u015feklini belirleyebilmeniz i\u00e7in dikkat etmeniz gereken baz\u0131 \u00f6zellikler olacakt\u0131r. Bu \u00f6zellikler, ambalajlama olu\u015fturuldu\u011funda, sat\u0131\u015fa sunaca\u011f\u0131n\u0131z \u00fcr\u00fcn\u00fcn raflarda muadillerinden ay\u0131rt edilmesini sa\u011flayacakt\u0131r.<\/p>\n<p>Oluklu mukavvadan \u00fcretilmi\u015f kutunun \u015fekli, boyutu, birim a\u011f\u0131rl\u0131\u011f\u0131, yap\u0131s\u0131 ve m\u00fc\u015fteri kitlesi g\u00f6z \u00f6n\u00fcnde bulunduruldu\u011fu takdirde, ambalajlama, \u00fcr\u00fcn\u00fcn sat\u0131\u015fa d\u00f6n\u00fc\u015fmesi konusunda en do\u011fru deste\u011fi vermi\u015f olacakt\u0131r. \u00dcr\u00fcnlerinizin fark edilebilir olmas\u0131 ve marka imaj\u0131 a\u00e7\u0131s\u0131ndan belirleyece\u011finiz levha rengi ve bask\u0131 rengi sizin i\u00e7in prestij sa\u011flayacakt\u0131r. Oluklu mukavvadan \u00fcretilen kutular; E(Mikro), B(\u0130nce Dalga), C (\u0130ri Dalga), C+B (Dopel) B+E (Mikro Dopel) kalitelerinde \u00fcretilmektedir.[\/vc_column_text][\/vc_column][\/vc_row][vc_row][vc_column][vc_custom_heading text=&#8221;Standart Koli&#8221; font_container=&#8221;tag:h1|font_size:25px|text_align:left|color:%23000000&#8243; google_fonts=&#8221;font_family:Montserrat%3Aregular%2C700|font_style:400%20regular%3A400%3Anormal&#8221;][vc_separator color=&#8221;orange&#8221; align=&#8221;align_left&#8221; el_width=&#8221;80&#8243;][vc_row_inner][vc_column_inner width=&#8221;1\/4&#8243;]\n\t\t\t<div class=\"promo-banner text-left vertical-alignment-top banner- hover- color-scheme-light \"  >\n\n\t\t\t\t<div class=\"main-wrapp-img\">\n\t\t\t\t\t<div class=\"banner-image\">\n\t\t\t\t\t\t\t\t\t\t\t\t\t\t\t\t\t\t\t\t\t<img loading=\"lazy\" decoding=\"async\" width=\"620\" height=\"500\" src=\"https:\/\/tanerambalaj.com\/wp-content\/uploads\/2021\/04\/standartkoli.jpg\" class=\"promo-banner-image image-1 attachment-full\" alt=\"\" srcset=\"https:\/\/tanerambalaj.com\/wp-content\/uploads\/2021\/04\/standartkoli.jpg 620w, https:\/\/tanerambalaj.com\/wp-content\/uploads\/2021\/04\/standartkoli-300x242.jpg 300w\" sizes=\"auto, (max-width: 620px) 100vw, 620px\" \/>\t\t\t\t\t\t\t\t\t\t\t\t\t\t\t\t\t\t<\/div>\n\t\t\t\t<\/div>\n\n\t\t\t\t<div class=\"wrapper-content-baner\">\n\t\t\t\t\t<div class=\"banner-inner\">\n\t\t\t\t\t\t\t\t\t\t\t<\/div>\n\t\t\t\t<\/div>\n\n\t\t\t<\/div>\n\n\n\t\t[\/vc_column_inner][vc_column_inner width=&#8221;1\/4&#8243;][\/vc_column_inner][vc_column_inner width=&#8221;1\/4&#8243;][\/vc_column_inner][vc_column_inner width=&#8221;1\/4&#8243;][\/vc_column_inner][\/vc_row_inner][vc_column_text]<\/p>\n<p style=\"text-align: left; font-family: Montserrat;\">Standart kolinin b\u00fct\u00fcn kapaklar\u0131 ayn\u0131 boydad\u0131r, d\u0131\u015f kapaklar\u0131 kutunun ortas\u0131nda birle\u015fir, i\u00e7 kapaklar\u0131 aras\u0131nda kalan mesafe kutu boy \u2013 en ortas\u0131na ba\u011fl\u0131 olarak de\u011fi\u015fir, pek \u00e7ok \u00fcr\u00fcn\u00fcn ambalaj\u0131 i\u00e7in kullan\u0131l\u0131r, \u00fcr\u00fcn\u00fcn tabanlarda daha iyi korunmas\u0131 istenirse kutu kapaklar\u0131 aras\u0131nda kalan bo\u015flu\u011fa \u00f6l\u00e7\u00fcye uygun bir par\u00e7a yerle\u015ftirilir, bu y\u00f6ntem \u00f6zellikle birden fazla dalgadan \u00fcretilen ve bir \u00e7ok \u00fcr\u00fcn\u00fcn paketlendi\u011fi kutularda kutu taban\u0131nda olu\u015fan kademe fark\u0131n\u0131 ortadan kald\u0131rmak i\u00e7in kullan\u0131l\u0131r, \u00fcr\u00fcn genellikle tekstil sekt\u00f6r\u00fcne hitap eden bir \u00fcr\u00fcnd\u00fcr, ama di\u011fer sekt\u00f6rler i\u00e7in de s\u0131kl\u0131kla kullan\u0131lmaktad\u0131r, bask\u0131l\u0131 ve bask\u0131s\u0131z olmak \u00fczere \u00fcretilir.<\/p>\n<p>[\/vc_column_text][\/vc_column][\/vc_row][vc_row][vc_column][vc_custom_heading text=&#8221;\u00c7ift Tarafl\u0131 Bindirmeli Koli&#8221; font_container=&#8221;tag:h1|font_size:25px|text_align:left|color:%23000000&#8243; google_fonts=&#8221;font_family:Montserrat%3Aregular%2C700|font_style:400%20regular%3A400%3Anormal&#8221;][vc_separator color=&#8221;orange&#8221; align=&#8221;align_left&#8221; el_width=&#8221;80&#8243;][vc_row_inner][vc_column_inner width=&#8221;1\/4&#8243;]\n\t\t\t<div class=\"promo-banner text-left vertical-alignment-top banner- hover- color-scheme-light \"  >\n\n\t\t\t\t<div class=\"main-wrapp-img\">\n\t\t\t\t\t<div class=\"banner-image\">\n\t\t\t\t\t\t\t\t\t\t\t\t\t\t\t\t\t\t\t\t\t<img loading=\"lazy\" decoding=\"async\" width=\"620\" height=\"500\" src=\"https:\/\/tanerambalaj.com\/wp-content\/uploads\/2021\/04\/cift-tarafli.jpg\" class=\"promo-banner-image image-1 attachment-full\" alt=\"\" srcset=\"https:\/\/tanerambalaj.com\/wp-content\/uploads\/2021\/04\/cift-tarafli.jpg 620w, https:\/\/tanerambalaj.com\/wp-content\/uploads\/2021\/04\/cift-tarafli-300x242.jpg 300w\" sizes=\"auto, (max-width: 620px) 100vw, 620px\" \/>\t\t\t\t\t\t\t\t\t\t\t\t\t\t\t\t\t\t<\/div>\n\t\t\t\t<\/div>\n\n\t\t\t\t<div class=\"wrapper-content-baner\">\n\t\t\t\t\t<div class=\"banner-inner\">\n\t\t\t\t\t\t\t\t\t\t\t<\/div>\n\t\t\t\t<\/div>\n\n\t\t\t<\/div>\n\n\n\t\t[\/vc_column_inner][vc_column_inner width=&#8221;1\/4&#8243;][\/vc_column_inner][vc_column_inner width=&#8221;1\/4&#8243;][\/vc_column_inner][vc_column_inner width=&#8221;1\/4&#8243;][\/vc_column_inner][\/vc_row_inner][vc_column_text]<\/p>\n<p style=\"text-align: left; font-family: Montserrat;\">\u00c7ift tarafl\u0131 bindirmeli kolinin standart koliden fark\u0131 t\u00fcm kapak boylar\u0131n\u0131n belirlenen \u00f6l\u00e7\u00fclerden uzak tutularak d\u0131\u015f kapaklar\u0131n \u00fcst \u00fcste bindirilmesidir, en kapaklar\u0131 aras\u0131ndaki bo\u015flu\u011fu, \u00fcretim ve kullan\u0131m a\u00e7\u0131s\u0131ndan ekonomik hale getirmenin bir ba\u015fka yolu olan bu \u00e7\u00f6z\u00fcm genellikle a\u011f\u0131r \u00fcr\u00fcnlerin ambalaj\u0131 i\u00e7in kullan\u0131l\u0131r, aksi halde taban\u0131 yere paralel gelmeyece\u011fi i\u00e7in istifte problem yarat\u0131r bu tip kolilerin kapaklar\u0131 genellikle tel diki\u015fle kapat\u0131l\u0131r.<\/p>\n<p>[\/vc_column_text][\/vc_column][\/vc_row][vc_row][vc_column][vc_custom_heading text=&#8221;Tam Kapakl\u0131 Koli&#8221; font_container=&#8221;tag:h1|font_size:25px|text_align:left|color:%23000000&#8243; google_fonts=&#8221;font_family:Montserrat%3Aregular%2C700|font_style:400%20regular%3A400%3Anormal&#8221;][vc_separator color=&#8221;orange&#8221; align=&#8221;align_left&#8221; el_width=&#8221;80&#8243;][vc_row_inner][vc_column_inner width=&#8221;1\/4&#8243;]\n\t\t\t<div class=\"promo-banner text-left vertical-alignment-top banner- hover- color-scheme-light \"  >\n\n\t\t\t\t<div class=\"main-wrapp-img\">\n\t\t\t\t\t<div class=\"banner-image\">\n\t\t\t\t\t\t\t\t\t\t\t\t\t\t\t\t\t\t\t\t\t<img loading=\"lazy\" decoding=\"async\" width=\"620\" height=\"500\" src=\"https:\/\/tanerambalaj.com\/wp-content\/uploads\/2021\/04\/tam-kapakli.jpg\" class=\"promo-banner-image image-1 attachment-full\" alt=\"\" srcset=\"https:\/\/tanerambalaj.com\/wp-content\/uploads\/2021\/04\/tam-kapakli.jpg 620w, https:\/\/tanerambalaj.com\/wp-content\/uploads\/2021\/04\/tam-kapakli-300x242.jpg 300w\" sizes=\"auto, (max-width: 620px) 100vw, 620px\" \/>\t\t\t\t\t\t\t\t\t\t\t\t\t\t\t\t\t\t<\/div>\n\t\t\t\t<\/div>\n\n\t\t\t\t<div class=\"wrapper-content-baner\">\n\t\t\t\t\t<div class=\"banner-inner\">\n\t\t\t\t\t\t\t\t\t\t\t<\/div>\n\t\t\t\t<\/div>\n\n\t\t\t<\/div>\n\n\n\t\t[\/vc_column_inner][vc_column_inner width=&#8221;1\/4&#8243;][\/vc_column_inner][vc_column_inner width=&#8221;1\/4&#8243;][\/vc_column_inner][vc_column_inner width=&#8221;1\/4&#8243;][\/vc_column_inner][\/vc_row_inner][vc_column_text]<\/p>\n<p style=\"text-align: left; font-family: Montserrat;\">Tam kapakl\u0131 koli, koli d\u0131\u015f kapaklar\u0131n\u0131n tam olarak \u00fcst \u00fcste bindirildi\u011fi gibi kullan\u0131lan bir koli tipidir, bu tip koliler \u00e7\u00f6kmeye kar\u015f\u0131 daha dayan\u0131kl\u0131d\u0131rlar, genellikle en \u00f6l\u00e7\u00fcs\u00fc dar olan ve yan y\u00fcz\u00fc \u00fcst\u00fcne istiflenen koliler, ba\u015flarda olu\u015fan mukavva kat\u0131 nedeniyle istife diren\u00e7lidirler.<\/p>\n<p>[\/vc_column_text][\/vc_column][\/vc_row][vc_row][vc_column][vc_custom_heading text=&#8221;Tam Kapakl\u0131 Koli&#8221; font_container=&#8221;tag:h1|font_size:25px|text_align:left|color:%23000000&#8243; google_fonts=&#8221;font_family:Montserrat%3Aregular%2C700|font_style:400%20regular%3A400%3Anormal&#8221;][vc_separator color=&#8221;orange&#8221; align=&#8221;align_left&#8221; el_width=&#8221;80&#8243;][vc_row_inner][vc_column_inner width=&#8221;1\/4&#8243;]\n\t\t\t<div class=\"promo-banner text-left vertical-alignment-top banner- hover- color-scheme-light \"  >\n\n\t\t\t\t<div class=\"main-wrapp-img\">\n\t\t\t\t\t<div class=\"banner-image\">\n\t\t\t\t\t\t\t\t\t\t\t\t\t\t\t\t\t\t\t\t\t<img loading=\"lazy\" decoding=\"async\" width=\"620\" height=\"500\" src=\"https:\/\/tanerambalaj.com\/wp-content\/uploads\/2021\/04\/darkesimli.jpg\" class=\"promo-banner-image image-1 attachment-full\" alt=\"\" srcset=\"https:\/\/tanerambalaj.com\/wp-content\/uploads\/2021\/04\/darkesimli.jpg 620w, https:\/\/tanerambalaj.com\/wp-content\/uploads\/2021\/04\/darkesimli-300x242.jpg 300w\" sizes=\"auto, (max-width: 620px) 100vw, 620px\" \/>\t\t\t\t\t\t\t\t\t\t\t\t\t\t\t\t\t\t<\/div>\n\t\t\t\t<\/div>\n\n\t\t\t\t<div class=\"wrapper-content-baner\">\n\t\t\t\t\t<div class=\"banner-inner\">\n\t\t\t\t\t\t\t\t\t\t\t<\/div>\n\t\t\t\t<\/div>\n\n\t\t\t<\/div>\n\n\n\t\t[\/vc_column_inner][vc_column_inner width=&#8221;1\/4&#8243;][\/vc_column_inner][vc_column_inner width=&#8221;1\/4&#8243;][\/vc_column_inner][vc_column_inner width=&#8221;1\/4&#8243;][\/vc_column_inner][\/vc_row_inner][vc_column_text]<\/p>\n<p style=\"text-align: left; font-family: Montserrat;\">Dar kesimli kutu ayn\u0131 zamanda tek par\u00e7a teleskopik kutu diye de adland\u0131r\u0131lmaktad\u0131r, genellikle otomatik dolum makinalar\u0131nda kapat\u0131lan bu kutu \u00e7ok ama\u00e7l\u0131 oldu\u011fundan el ile de kapat\u0131lmaya m\u00fcsaittir, dayan\u0131kl\u0131 t\u00fcketim mallar\u0131ndan et \u00fcr\u00fcnlerine kadar pek \u00e7ok sekt\u00f6rde kullan\u0131lmakta ayn\u0131 zamanda son zamanlarda pizzac\u0131lar\u0131n ra\u011fbet etti\u011fi bir \u00fcr\u00fcnd\u00fcr, \u00fcst \u00fcste istiflemeye m\u00fcsait oldu\u011fundan istife dayan\u0131kl\u0131d\u0131r ve ayn\u0131 zamanda bask\u0131l\u0131 olarak \u00fcretilebilmektedir.<\/p>\n<p>[\/vc_column_text][\/vc_column][\/vc_row]<\/p>\n","protected":false},"excerpt":{"rendered":"<p>[vc_row][vc_column][vc_custom_heading text=&#8221;Karton Kutu&#8221; font_container=&#8221;tag:h1|font_size:25px|text_align:left|color:%23000000&#8243; google_fonts=&#8221;font_family:Montserrat%3Aregular%2C700|font_style:400%20regular%3A400%3Anormal&#8221;][vc_separator color=&#8221;orange&#8221; align=&#8221;align_left&#8221; el_width=&#8221;80&#8243;][vc_row_inner][vc_column_inner width=&#8221;1\/4&#8243;][\/vc_column_inner][vc_column_inner width=&#8221;1\/4&#8243;][\/vc_column_inner][vc_column_inner width=&#8221;1\/4&#8243;][\/vc_column_inner][vc_column_inner width=&#8221;1\/4&#8243;][\/vc_column_inner][\/vc_row_inner][vc_column_text]Mukavva levha \u00e7e\u015fitlerinden \u00fcretilen flekso ya da ofset bask\u0131<\/p>\n","protected":false},"author":1,"featured_media":0,"parent":0,"menu_order":0,"comment_status":"closed","ping_status":"closed","template":"","meta":{"footnotes":""},"class_list":["post-1734","page","type-page","status-publish","hentry"],"_links":{"self":[{"href":"https:\/\/tanerambalaj.com\/index.php\/wp-json\/wp\/v2\/pages\/1734","targetHints":{"allow":["GET"]}}],"collection":[{"href":"https:\/\/tanerambalaj.com\/index.php\/wp-json\/wp\/v2\/pages"}],"about":[{"href":"https:\/\/tanerambalaj.com\/index.php\/wp-json\/wp\/v2\/types\/page"}],"author":[{"embeddable":true,"href":"https:\/\/tanerambalaj.com\/index.php\/wp-json\/wp\/v2\/users\/1"}],"replies":[{"embeddable":true,"href":"https:\/\/tanerambalaj.com\/index.php\/wp-json\/wp\/v2\/comments?post=1734"}],"version-history":[{"count":15,"href":"https:\/\/tanerambalaj.com\/index.php\/wp-json\/wp\/v2\/pages\/1734\/revisions"}],"predecessor-version":[{"id":1900,"href":"https:\/\/tanerambalaj.com\/index.php\/wp-json\/wp\/v2\/pages\/1734\/revisions\/1900"}],"wp:attachment":[{"href":"https:\/\/tanerambalaj.com\/index.php\/wp-json\/wp\/v2\/media?parent=1734"}],"curies":[{"name":"wp","href":"https:\/\/api.w.org\/{rel}","templated":true}]}}